{"id":1201,"date":"2014-06-09T12:00:47","date_gmt":"2014-06-09T10:00:47","guid":{"rendered":"http:\/\/blogs.alaquas.net\/maestrosanchis\/?page_id=1201"},"modified":"2023-03-26T11:20:48","modified_gmt":"2023-03-26T09:20:48","slug":"llista-provisional-dadmessos-i-no-admessos","status":"publish","type":"page","link":"http:\/\/blogs.alaquas.net\/maestrosanchis\/?page_id=1201","title":{"rendered":"ADM Llistat d&#8217;alumnat d&#8217;Adm\u00e9s i no Adm\u00e9s."},"content":{"rendered":"<p style=\"text-align: center;\"><span style=\"font-size: large; color: #ff6600;\"><span style=\"font-size: x-large;\">&nbsp;<\/span><span style=\"text-decoration: underline;\"><strong><span style=\"font-size: x-large;\">Llistat definitiva d&#8217;alumnat adm\u00e9s i no adm\u00e9s el curs 2019<\/span><\/strong><\/span><\/span><span style=\"font-size: large; color: #ff6600;\"><span style=\"text-decoration: underline;\"><strong><span style=\"font-size: x-large;\">-2020<\/span><\/strong><\/span><\/span><\/p>\n<p style=\"text-align: center;\"><strong><a href=\"http:\/\/blogs.alaquas.net\/maestrosanchis\/wp-content\/uploads\/2019\/06\/DEF-2019-SI.pdf\">Alumnat adm\u00e9s.<\/a><br \/>\n<\/strong><\/p>\n<p style=\"text-align: center;\"><a href=\"http:\/\/blogs.alaquas.net\/maestrosanchis\/wp-content\/uploads\/2019\/06\/DEF-2019-NO.pdf\"><strong>Alumnat no adm\u00e9s.<\/strong><\/a><\/p>\n<h5 style=\"text-align: center;\"><strong><span style=\"color: #ff6600;\">\u00c9s molt important comproves el n\u00famero que hi t\u00e9 assignat per fer la matr\u00edcula <span style=\"color: #ff0000;\">(est\u00e0 a la dreta del nom escrit en roig<\/span>) i el dia que li correspon fer-la. Gr\u00e0cies.<br \/>\n<\/span><\/strong><span style=\"color: #0000ff;\"><strong>Informem a les fam\u00edlies amb alumnat adm\u00e9s en tres anys que el dia<span style=\"text-decoration: underline;\"> 21 de juny a les 10:00 hores hi estan convocades a una reuni\u00f3 informativa<\/span> amb l&#8217;equip educatiu d&#8217;Educaci\u00f3 Infantil al menjador de l&#8217;escola.<\/strong><\/span><\/h5>\n<p style=\"text-align: center;\">Si necessita m\u00e9s informaci\u00f3 passe pel col\u00b7legi.<\/p>\n<p style=\"text-align: center;\"><strong><span style=\"font-size: medium;\"> CADA ALUMNE T\u00c9 QUE FORMALITZAR LA MATR\u00cdCULA SEGONS EL NOMBRE QUE HI HA EN ROIG AL COSTAT DEL SEU NOM, ENTRE EL&nbsp;<span style=\"text-decoration: underline;\"> 13 DE JUNY I EL 03 DE JULIOL PEL MAT\u00cd.<\/span><\/span><\/strong><\/p>\n<p style=\"text-align: center;\"><span style=\"font-size: 14pt;\">Les fam\u00edlies de tres anys mantindran una <strong>reuni\u00f3<\/strong> amb la tutora del seu fill o filla el proper dia <span style=\"text-decoration: underline;\"><strong>21 de juny a les 10:00 hores<\/strong><\/span> al menjador del centre. <\/span><\/p>\n<p style=\"text-align: center;\"><span style=\"font-size: x-large;\"><span style=\"background-color: #ccffcc;\"><strong>El <span style=\"text-decoration: underline;\">calendari, l&#8217;horari i el torn<\/span> per tal de matricular els i les alumnes de nou ingr\u00e9s \u00e9s aquest:<\/strong><\/span><br \/>\n<\/span><\/p>\n<p style=\"text-align: center;\"><a href=\"http:\/\/blogs.alaquas.net\/maestrosanchis\/wp-content\/uploads\/2019\/06\/Horari-juny-sec.png\"><img loading=\"lazy\" decoding=\"async\" class=\"aligncenter wp-image-18760 size-large\" src=\"http:\/\/blogs.alaquas.net\/maestrosanchis\/wp-content\/uploads\/2019\/06\/Horari-juny-sec-753x1024.png\" alt=\"\" width=\"753\" height=\"1024\" srcset=\"http:\/\/blogs.alaquas.net\/maestrosanchis\/wp-content\/uploads\/2019\/06\/Horari-juny-sec-753x1024.png 753w, http:\/\/blogs.alaquas.net\/maestrosanchis\/wp-content\/uploads\/2019\/06\/Horari-juny-sec-220x300.png 220w, http:\/\/blogs.alaquas.net\/maestrosanchis\/wp-content\/uploads\/2019\/06\/Horari-juny-sec-768x1045.png 768w, http:\/\/blogs.alaquas.net\/maestrosanchis\/wp-content\/uploads\/2019\/06\/Horari-juny-sec.png 1536w\" sizes=\"(max-width: 753px) 100vw, 753px\" \/><\/a><\/p>\n<p style=\"text-align: center;\"><span style=\"font-size: medium;\"><strong>QUAN LI TOQUE MATRICULAR AL SEU FILL O FILLA NECESS\u00c0RIAMENT CAL VINGA EL PARE, MARE O TUTOR DE L&#8217;ALUMNE I CALDR\u00c0 DUR LA SEG\u00dcENT DOCUMENTACI\u00d3:<\/strong><\/span><\/p>\n<ul>\n<li style=\"text-align: center;\"><span style=\"font-size: medium;\">4 Fotografies de tamany carnet de l&#8217;alumne.<\/span><br \/>\n<span style=\"font-size: medium;\"> &#8211; Certificat m\u00e8dic complimentat pel pediatre.<\/span><br \/>\n<span style=\"font-size: medium;\"> &#8211; Fotoc\u00f2pia de la targeta SIP a nom de l&#8217;alumne.<\/span><br \/>\n<span style=\"font-size: medium;\"> &#8211; Fotoc\u00f2pia de la primera p\u00e0gina del banc a nom de pare, mare o tutor on calga fer els c\u00e0rrecs bancaris del menjador.<\/span><br \/>\n<span style=\"font-size: medium;\"> &#8211; Si hi estava matriculat en altra escola \u00e9s necessari dur el&nbsp; <strong><span style=\"text-decoration: underline;\">CERTIFICAT DE BAIXA<\/span> indicant si promociona o no l&#8217;alumne<\/strong>.<\/span><br \/>\n<span style=\"font-size: medium;\"> (<span style=\"text-decoration: underline;\"><strong>\u00c9s molt important que figure si promociona o no i que siga un certificat<\/strong><\/span>)<\/span><br \/>\n<span style=\"font-size: medium;\"> -N\u00fameros de tel\u00e8fon i correues electr\u00f2nics per tal de poder posar-nos en contacte amb vost\u00e9s.<\/span><br \/>\n<span style=\"font-size: medium;\"> &#8211; Tenir decidit si vol matricular el seu fill o filla en \u00abReligi\u00f3 i Moral Cat\u00f2lica\u00bb o en \u00abActivitats alternatives a la Religi\u00f3\u00bb.<\/span><\/li>\n<\/ul>\n<p style=\"text-align: center;\"><span style=\"font-size: medium;\">Quedem a la seua disposici\u00f3 per tal d&#8217;aclarir qualsevol dubte que aquesta informaci\u00f3 li puga ocassionar.<\/span><\/p>\n","protected":false},"excerpt":{"rendered":"<p>&nbsp;Llistat definitiva d&#8217;alumnat adm\u00e9s i no adm\u00e9s el curs 2019-2020 Alumnat adm\u00e9s. Alumnat no adm\u00e9s. \u00c9s molt important comproves el n\u00famero que hi t\u00e9 assignat per fer la matr\u00edcula (est\u00e0 a la dreta del nom escrit en roig) i el dia que li correspon fer-la. Gr\u00e0cies. Informem a les fam\u00edlies amb alumnat adm\u00e9s en tres&hellip; <a href=\"http:\/\/blogs.alaquas.net\/maestrosanchis\/?page_id=1201\">Read More<\/a><\/p>\n","protected":false},"author":2,"featured_media":0,"parent":0,"menu_order":0,"comment_status":"closed","ping_status":"closed","template":"","meta":{"_exactmetrics_skip_tracking":false,"_exactmetrics_sitenote_active":false,"_exactmetrics_sitenote_note":"","_exactmetrics_sitenote_category":0,"ngg_post_thumbnail":0,"footnotes":""},"_links":{"self":[{"href":"http:\/\/blogs.alaquas.net\/maestrosanchis\/index.php?rest_route=\/wp\/v2\/pages\/1201"}],"collection":[{"href":"http:\/\/blogs.alaquas.net\/maestrosanchis\/index.php?rest_route=\/wp\/v2\/pages"}],"about":[{"href":"http:\/\/blogs.alaquas.net\/maestrosanchis\/index.php?rest_route=\/wp\/v2\/types\/page"}],"author":[{"embeddable":true,"href":"http:\/\/blogs.alaquas.net\/maestrosanchis\/index.php?rest_route=\/wp\/v2\/users\/2"}],"replies":[{"embeddable":true,"href":"http:\/\/blogs.alaquas.net\/maestrosanchis\/index.php?rest_route=%2Fwp%2Fv2%2Fcomments&post=1201"}],"version-history":[{"count":1,"href":"http:\/\/blogs.alaquas.net\/maestrosanchis\/index.php?rest_route=\/wp\/v2\/pages\/1201\/revisions"}],"predecessor-version":[{"id":18946,"href":"http:\/\/blogs.alaquas.net\/maestrosanchis\/index.php?rest_route=\/wp\/v2\/pages\/1201\/revisions\/18946"}],"wp:attachment":[{"href":"http:\/\/blogs.alaquas.net\/maestrosanchis\/index.php?rest_route=%2Fwp%2Fv2%2Fmedia&parent=1201"}],"curies":[{"name":"wp","href":"https:\/\/api.w.org\/{rel}","templated":true}]}}